{"id":1061,"date":"2021-02-20T22:39:54","date_gmt":"2021-02-20T21:39:54","guid":{"rendered":"http:\/\/haulet.be\/gen\/?page_id=1061"},"modified":"2024-09-23T20:19:16","modified_gmt":"2024-09-23T18:19:16","slug":"ils-nous-ont-quittes","status":"publish","type":"page","link":"https:\/\/haulet.be\/gen\/ils-nous-ont-quittes\/","title":{"rendered":"Ils nous ont quitt\u00e9s"},"content":{"rendered":"\n<hr class=\"wp-block-separator has-css-opacity is-style-wide\"\/>\n\n\n\n<p><code><strong>Michel Haulet<\/strong><\/code><\/p>\n\n\n<div class=\"wp-block-image\">\n<figure class=\"aligncenter size-large\"><img loading=\"lazy\" decoding=\"async\" width=\"848\" height=\"1200\" src=\"https:\/\/haulet.be\/gen\/wp-content\/uploads\/2024\/09\/avis_necrologie_michel_haulet-1500-848x1200.jpg\" alt=\"\" class=\"wp-image-7922\" srcset=\"https:\/\/haulet.be\/gen\/wp-content\/uploads\/2024\/09\/avis_necrologie_michel_haulet-1500-848x1200.jpg 848w, https:\/\/haulet.be\/gen\/wp-content\/uploads\/2024\/09\/avis_necrologie_michel_haulet-1500-212x300.jpg 212w, https:\/\/haulet.be\/gen\/wp-content\/uploads\/2024\/09\/avis_necrologie_michel_haulet-1500-768x1086.jpg 768w, https:\/\/haulet.be\/gen\/wp-content\/uploads\/2024\/09\/avis_necrologie_michel_haulet-1500-1086x1536.jpg 1086w, https:\/\/haulet.be\/gen\/wp-content\/uploads\/2024\/09\/avis_necrologie_michel_haulet-1500-1448x2048.jpg 1448w, https:\/\/haulet.be\/gen\/wp-content\/uploads\/2024\/09\/avis_necrologie_michel_haulet-1500.jpg 1500w\" sizes=\"auto, (max-width: 848px) 100vw, 848px\" \/><\/figure>\n<\/div>\n\n\n<hr class=\"wp-block-separator has-alpha-channel-opacity is-style-wide\"\/>\n\n\n\n<p><code><strong>Dominique de Lamotte<\/strong><\/code><\/p>\n\n\n<div class=\"wp-block-image\">\n<figure class=\"aligncenter size-full\"><img loading=\"lazy\" decoding=\"async\" width=\"439\" height=\"692\" src=\"https:\/\/haulet.be\/gen\/wp-content\/uploads\/2024\/05\/de-Lamotte-Dominique-Faire-part-deces-14-05-2024.jpg\" alt=\"\" class=\"wp-image-7900\" srcset=\"https:\/\/haulet.be\/gen\/wp-content\/uploads\/2024\/05\/de-Lamotte-Dominique-Faire-part-deces-14-05-2024.jpg 439w, https:\/\/haulet.be\/gen\/wp-content\/uploads\/2024\/05\/de-Lamotte-Dominique-Faire-part-deces-14-05-2024-190x300.jpg 190w\" sizes=\"auto, (max-width: 439px) 100vw, 439px\" \/><\/figure>\n<\/div>\n\n\n<hr class=\"wp-block-separator has-alpha-channel-opacity is-style-wide\"\/>\n\n\n\n<p><code><strong>Lucie Gauthier<\/strong><\/code><\/p>\n\n\n<div class=\"wp-block-image\">\n<figure class=\"aligncenter size-full\"><img loading=\"lazy\" decoding=\"async\" width=\"539\" height=\"507\" src=\"https:\/\/haulet.be\/gen\/wp-content\/uploads\/2024\/01\/Gauthier-Lucie-Faire-part-deces-08-01-2024.jpg\" alt=\"\" class=\"wp-image-7870\" srcset=\"https:\/\/haulet.be\/gen\/wp-content\/uploads\/2024\/01\/Gauthier-Lucie-Faire-part-deces-08-01-2024.jpg 539w, https:\/\/haulet.be\/gen\/wp-content\/uploads\/2024\/01\/Gauthier-Lucie-Faire-part-deces-08-01-2024-300x282.jpg 300w\" sizes=\"auto, (max-width: 539px) 100vw, 539px\" \/><\/figure>\n<\/div>\n\n\n<hr class=\"wp-block-separator has-alpha-channel-opacity is-style-wide\"\/>\n\n\n\n<p class=\"has-black-color has-text-color\"><code><strong>Marie-Antoinette (Marinette) de Lamotte <\/strong><\/code><\/p>\n\n\n<div class=\"wp-block-image\">\n<figure class=\"aligncenter size-full\"><img loading=\"lazy\" decoding=\"async\" width=\"426\" height=\"989\" src=\"https:\/\/haulet.be\/gen\/wp-content\/uploads\/2023\/10\/Marie-Antoinette-Marinette-de-Lamotte-Faire-part-deces-15102023.jpg\" alt=\"\" class=\"wp-image-7264\" srcset=\"https:\/\/haulet.be\/gen\/wp-content\/uploads\/2023\/10\/Marie-Antoinette-Marinette-de-Lamotte-Faire-part-deces-15102023.jpg 426w, https:\/\/haulet.be\/gen\/wp-content\/uploads\/2023\/10\/Marie-Antoinette-Marinette-de-Lamotte-Faire-part-deces-15102023-129x300.jpg 129w\" sizes=\"auto, (max-width: 426px) 100vw, 426px\" \/><\/figure>\n<\/div>\n\n\n<hr class=\"wp-block-separator has-alpha-channel-opacity is-style-wide\"\/>\n\n\n\n<p class=\"has-black-color has-text-color\"><code><strong>Anne de Spa<\/strong><\/code><\/p>\n\n\n<div class=\"wp-block-image\">\n<figure class=\"aligncenter size-large is-resized\"><img loading=\"lazy\" decoding=\"async\" width=\"696\" height=\"1200\" src=\"https:\/\/haulet.be\/gen\/wp-content\/uploads\/2023\/10\/Anne-de-Spa-Faire-part-deces-09102023-696x1200.jpeg\" alt=\"\" class=\"wp-image-7208\" style=\"aspect-ratio:0.58;width:422px;height:auto\" srcset=\"https:\/\/haulet.be\/gen\/wp-content\/uploads\/2023\/10\/Anne-de-Spa-Faire-part-deces-09102023-696x1200.jpeg 696w, https:\/\/haulet.be\/gen\/wp-content\/uploads\/2023\/10\/Anne-de-Spa-Faire-part-deces-09102023-174x300.jpeg 174w, https:\/\/haulet.be\/gen\/wp-content\/uploads\/2023\/10\/Anne-de-Spa-Faire-part-deces-09102023.jpeg 742w\" sizes=\"auto, (max-width: 696px) 100vw, 696px\" \/><\/figure>\n<\/div>\n\n\n<hr class=\"wp-block-separator has-alpha-channel-opacity is-style-wide\"\/>\n\n\n\n<p class=\"has-custom-weight has-custom-lineheight has-black-color has-text-color\"><code><strong>Marinette Willemaers - 22 juin 2023<\/strong><\/code><\/p>\n\n\n<div class=\"wp-block-image\">\n<figure class=\"aligncenter size-full is-resized\"><img loading=\"lazy\" decoding=\"async\" width=\"534\" height=\"1061\" src=\"https:\/\/haulet.be\/gen\/wp-content\/uploads\/2023\/06\/Marinette-Willemaers-Faire-part-deces.jpg\" alt=\"\" class=\"wp-image-7010\" style=\"width:424px;height:843px\" srcset=\"https:\/\/haulet.be\/gen\/wp-content\/uploads\/2023\/06\/Marinette-Willemaers-Faire-part-deces.jpg 534w, https:\/\/haulet.be\/gen\/wp-content\/uploads\/2023\/06\/Marinette-Willemaers-Faire-part-deces-151x300.jpg 151w\" sizes=\"auto, (max-width: 534px) 100vw, 534px\" \/><\/figure>\n<\/div>\n\n\n<hr class=\"wp-block-separator has-alpha-channel-opacity\"\/>\n\n\n\n<p class=\"has-black-color has-text-color has-custom-weight has-custom-lineheight\" style=\"line-height:3;font-weight:bold\"><code>Dominique Pichault - 01 ao\u00fbt 2022<\/code><\/p>\n\n\n<div class=\"wp-block-image\">\n<figure class=\"aligncenter size-full\"><img loading=\"lazy\" decoding=\"async\" width=\"434\" height=\"979\" src=\"https:\/\/haulet.be\/gen\/wp-content\/uploads\/2022\/08\/Faire-Part-deces-Dominique-Pichault-Le-Soir-copie.jpg\" alt=\"\" class=\"wp-image-5491\" srcset=\"https:\/\/haulet.be\/gen\/wp-content\/uploads\/2022\/08\/Faire-Part-deces-Dominique-Pichault-Le-Soir-copie.jpg 434w, https:\/\/haulet.be\/gen\/wp-content\/uploads\/2022\/08\/Faire-Part-deces-Dominique-Pichault-Le-Soir-copie-133x300.jpg 133w\" sizes=\"auto, (max-width: 434px) 100vw, 434px\" \/><\/figure>\n<\/div>\n\n\n<hr class=\"wp-block-separator has-alpha-channel-opacity\"\/>\n\n\n\n<p class=\"has-black-color has-text-color has-custom-weight has-custom-lineheight\" style=\"line-height:3;font-weight:bold\"><code>Marie-Claire de Lamotte - 12 janvier 2022<\/code><\/p>\n\n\n<div class=\"wp-block-image\">\n<figure class=\"aligncenter size-full\"><img loading=\"lazy\" decoding=\"async\" width=\"849\" height=\"1200\" src=\"https:\/\/haulet.be\/gen\/wp-content\/uploads\/2022\/01\/Necrologie-de-LAMOTTE-12-01-2022.jpg\" alt=\"\" class=\"wp-image-4846\" srcset=\"https:\/\/haulet.be\/gen\/wp-content\/uploads\/2022\/01\/Necrologie-de-LAMOTTE-12-01-2022.jpg 849w, https:\/\/haulet.be\/gen\/wp-content\/uploads\/2022\/01\/Necrologie-de-LAMOTTE-12-01-2022-212x300.jpg 212w, https:\/\/haulet.be\/gen\/wp-content\/uploads\/2022\/01\/Necrologie-de-LAMOTTE-12-01-2022-768x1086.jpg 768w\" sizes=\"auto, (max-width: 849px) 100vw, 849px\" \/><\/figure>\n<\/div>\n\n\n<hr class=\"wp-block-separator has-css-opacity is-style-wide\"\/>\n\n\n\n<p><\/p>\n\n\n\n<p class=\"has-black-color has-text-color has-custom-weight has-custom-lineheight\" style=\"line-height:3;font-weight:bold\"><code>Michel Bruy\u00e8re - 13 ao\u00fbt 2021<\/code><\/p>\n\n\n<div class=\"wp-block-image\">\n<figure class=\"aligncenter size-large\"><img loading=\"lazy\" decoding=\"async\" width=\"439\" height=\"800\" src=\"https:\/\/haulet.be\/gen\/wp-content\/uploads\/2021\/08\/Michel-Bruye\u0300re-Faire-part-de\u0301ce\u0300s.jpg\" alt=\"\" class=\"wp-image-2925\" srcset=\"https:\/\/haulet.be\/gen\/wp-content\/uploads\/2021\/08\/Michel-Bruye\u0300re-Faire-part-de\u0301ce\u0300s.jpg 439w, https:\/\/haulet.be\/gen\/wp-content\/uploads\/2021\/08\/Michel-Bruye\u0300re-Faire-part-de\u0301ce\u0300s-165x300.jpg 165w\" sizes=\"auto, (max-width: 439px) 100vw, 439px\" \/><\/figure>\n<\/div>\n\n\n<hr class=\"wp-block-separator has-css-opacity is-style-wide\"\/>\n\n\n\n<p class=\"has-black-color has-text-color has-custom-weight has-custom-lineheight\" style=\"line-height:3;font-weight:bold\"><code>Th\u00e9r\u00e8se Laurenty - 05 janvier 2021<\/code><\/p>\n\n\n\n<p><\/p>\n\n\n<div class=\"wp-block-image\">\n<figure class=\"aligncenter size-large\"><img loading=\"lazy\" decoding=\"async\" width=\"300\" height=\"467\" src=\"https:\/\/haulet.be\/gen\/wp-content\/uploads\/2021\/02\/Therese-Laurenty-070923-HAULETMAGIS-126-300.jpg\" alt=\"\" class=\"wp-image-1133\" srcset=\"https:\/\/haulet.be\/gen\/wp-content\/uploads\/2021\/02\/Therese-Laurenty-070923-HAULETMAGIS-126-300.jpg 300w, https:\/\/haulet.be\/gen\/wp-content\/uploads\/2021\/02\/Therese-Laurenty-070923-HAULETMAGIS-126-300-193x300.jpg 193w\" sizes=\"auto, (max-width: 300px) 100vw, 300px\" \/><\/figure>\n<\/div>\n\n\n<p class=\"has-text-align-center\">M. et Mme Christophe AC\u00c9ZAT,<br>M. et Mme Pascal AC\u00c9ZAT, ses enfants ;<br>Math\u00e9o, Nathan et Maxime, ses petits-enfants ;<br>Les familles LAURENTY, GAUTHIER, PONDAVEN,<br>MICHEL, ROZET, DELR\u00c9, HAULET, LOVENS,<br>DYKSTRA, LAURENT, et NEVEU,<br>Ont la tristesse de vous faire part du d\u00e9c\u00e8s de<br>Madame Th\u00e9r\u00e8se AC\u00c9ZAT<br>n\u00e9e LAURENTY<br>survenu dans sa 88e ann\u00e9e.<br>La c\u00e9r\u00e9monie religieuse sera c\u00e9l\u00e9br\u00e9e le<br>vendredi 8 janvier 2021, \u00e0 14 heures, en la<br>cath\u00e9drale Saint-Gatien \u00e0 Tours, suivie de<br>l&rsquo;inhumation le lundi 11 janvier 2021, \u00e0 14 h 30, au cimeti\u00e8re Le Clos, \u00e0 Vend\u00f4me (Loir-et-cher).<br>Cet avis tient lieu de faire-part et de remerciements.<br>La famille tient \u00e0 remercier l&rsquo;ensemble du personnel du Korian Le Plessis, \u00e0 la Riche, pour son accompagnement et son d\u00e9vouement.<br>PFI Tours, G\u00e9n\u00e9ral Renault -02.47.36.35.00<\/p>\n\n\n\n<hr class=\"wp-block-separator has-css-opacity is-style-wide\"\/>\n","protected":false},"excerpt":{"rendered":"<p>Michel Haulet Dominique de Lamotte Lucie Gauthier Marie-Antoinette (Marinette) de Lamotte Anne de Spa Marinette Willemaers &#8211; 22 juin 2023 Dominique Pichault &#8211; 01 ao\u00fbt 2022 Marie-Claire de Lamotte &#8211; 12 janvier 2022 Michel Bruy\u00e8re &#8211; 13 ao\u00fbt 2021 Th\u00e9r\u00e8se Laurenty &#8211; 05 janvier 2021 M. et Mme Christophe AC\u00c9ZAT,M. et Mme Pascal AC\u00c9ZAT, ses [&hellip;]<\/p>\n","protected":false},"author":1,"featured_media":1057,"parent":0,"menu_order":0,"comment_status":"closed","ping_status":"closed","template":"template-full-width.php","meta":{"_coblocks_attr":"","_coblocks_dimensions":"","_coblocks_responsive_height":"","_coblocks_accordion_ie_support":"","footnotes":""},"class_list":["post-1061","page","type-page","status-publish","has-post-thumbnail","hentry"],"_links":{"self":[{"href":"https:\/\/haulet.be\/gen\/wp-json\/wp\/v2\/pages\/1061","targetHints":{"allow":["GET"]}}],"collection":[{"href":"https:\/\/haulet.be\/gen\/wp-json\/wp\/v2\/pages"}],"about":[{"href":"https:\/\/haulet.be\/gen\/wp-json\/wp\/v2\/types\/page"}],"author":[{"embeddable":true,"href":"https:\/\/haulet.be\/gen\/wp-json\/wp\/v2\/users\/1"}],"replies":[{"embeddable":true,"href":"https:\/\/haulet.be\/gen\/wp-json\/wp\/v2\/comments?post=1061"}],"version-history":[{"count":0,"href":"https:\/\/haulet.be\/gen\/wp-json\/wp\/v2\/pages\/1061\/revisions"}],"wp:featuredmedia":[{"embeddable":true,"href":"https:\/\/haulet.be\/gen\/wp-json\/wp\/v2\/media\/1057"}],"wp:attachment":[{"href":"https:\/\/haulet.be\/gen\/wp-json\/wp\/v2\/media?parent=1061"}],"curies":[{"name":"wp","href":"https:\/\/api.w.org\/{rel}","templated":true}]}}