{"id":1064,"date":"2021-02-20T22:41:44","date_gmt":"2021-02-20T21:41:44","guid":{"rendered":"http:\/\/haulet.be\/gen\/?page_id=1064"},"modified":"2025-09-18T12:40:00","modified_gmt":"2025-09-18T10:40:00","slug":"bienvenue-dans-la-famille","status":"publish","type":"page","link":"https:\/\/haulet.be\/gen\/bienvenue-dans-la-famille\/","title":{"rendered":"Bienvenue dans la famille !"},"content":{"rendered":"\n<hr class=\"wp-block-separator has-css-opacity is-style-wide\"\/>\n\n\n\n<p style=\"font-weight:bold;font-size:28px\" class=\"has-custom-weight\"><strong>Maurice Lebbink-Haulet<\/strong> &#8211; 16 septembre 2025<\/p>\n\n\n\n<div style=\"height:100px\" aria-hidden=\"true\" class=\"wp-block-spacer\"><\/div>\n\n\n\n<hr class=\"wp-block-separator has-alpha-channel-opacity is-style-wide\"\/>\n\n\n\n<p style=\"font-weight:bold;font-size:28px\" class=\"has-custom-weight\"><strong>Aurian Stas de Richelle-Haulet<\/strong> &#8211; 07 janvier 2025<\/p>\n\n\n<div class=\"wp-block-image\">\n<figure class=\"aligncenter size-full\"><img loading=\"lazy\" decoding=\"async\" width=\"740\" height=\"511\" src=\"https:\/\/haulet.be\/gen\/wp-content\/uploads\/2025\/01\/Haulet-Alexandre-faire-part-naissance-recto.jpg\" alt=\"\" class=\"wp-image-8086\" srcset=\"https:\/\/haulet.be\/gen\/wp-content\/uploads\/2025\/01\/Haulet-Alexandre-faire-part-naissance-recto.jpg 740w, https:\/\/haulet.be\/gen\/wp-content\/uploads\/2025\/01\/Haulet-Alexandre-faire-part-naissance-recto-300x207.jpg 300w\" sizes=\"auto, (max-width: 740px) 100vw, 740px\" \/><\/figure>\n<\/div>\n\n<div class=\"wp-block-image\">\n<figure class=\"aligncenter size-full\"><img loading=\"lazy\" decoding=\"async\" width=\"731\" height=\"508\" src=\"https:\/\/haulet.be\/gen\/wp-content\/uploads\/2025\/01\/Haulet-Alexandre-faire-part-naissance-cerso.jpg\" alt=\"\" class=\"wp-image-8085\" srcset=\"https:\/\/haulet.be\/gen\/wp-content\/uploads\/2025\/01\/Haulet-Alexandre-faire-part-naissance-cerso.jpg 731w, https:\/\/haulet.be\/gen\/wp-content\/uploads\/2025\/01\/Haulet-Alexandre-faire-part-naissance-cerso-300x208.jpg 300w\" sizes=\"auto, (max-width: 731px) 100vw, 731px\" \/><\/figure>\n<\/div>\n\n\n<hr class=\"wp-block-separator has-alpha-channel-opacity is-style-wide\"\/>\n\n\n\n<p style=\"font-weight:bold;font-size:28px\" class=\"has-custom-weight\"><strong>Aurian Stas de Richelle-Haulet<\/strong> &#8211; 21 ao\u00fbt 2024<\/p>\n\n\n<div class=\"wp-block-image\">\n<figure class=\"aligncenter size-full is-resized\"><img loading=\"lazy\" decoding=\"async\" width=\"800\" height=\"1116\" src=\"https:\/\/haulet.be\/gen\/wp-content\/uploads\/2024\/12\/Aurian-Stas-de-Richelle-Haulet-2.jpg\" alt=\"\" class=\"wp-image-8008\" style=\"width:600px\" srcset=\"https:\/\/haulet.be\/gen\/wp-content\/uploads\/2024\/12\/Aurian-Stas-de-Richelle-Haulet-2.jpg 800w, https:\/\/haulet.be\/gen\/wp-content\/uploads\/2024\/12\/Aurian-Stas-de-Richelle-Haulet-2-215x300.jpg 215w, https:\/\/haulet.be\/gen\/wp-content\/uploads\/2024\/12\/Aurian-Stas-de-Richelle-Haulet-2-768x1071.jpg 768w\" sizes=\"auto, (max-width: 800px) 100vw, 800px\" \/><\/figure>\n<\/div>\n\n<div class=\"wp-block-image\">\n<figure class=\"aligncenter size-full is-resized\"><img loading=\"lazy\" decoding=\"async\" width=\"800\" height=\"1116\" src=\"https:\/\/haulet.be\/gen\/wp-content\/uploads\/2024\/12\/Aurian-Stas-de-Richelle-Haulet-1.jpg\" alt=\"\" class=\"wp-image-8009\" style=\"width:600px\" srcset=\"https:\/\/haulet.be\/gen\/wp-content\/uploads\/2024\/12\/Aurian-Stas-de-Richelle-Haulet-1.jpg 800w, https:\/\/haulet.be\/gen\/wp-content\/uploads\/2024\/12\/Aurian-Stas-de-Richelle-Haulet-1-215x300.jpg 215w, https:\/\/haulet.be\/gen\/wp-content\/uploads\/2024\/12\/Aurian-Stas-de-Richelle-Haulet-1-768x1071.jpg 768w\" sizes=\"auto, (max-width: 800px) 100vw, 800px\" \/><\/figure>\n<\/div>\n\n\n<hr class=\"wp-block-separator has-alpha-channel-opacity is-style-wide\"\/>\n\n\n\n<h2 class=\"wp-block-heading\">Suzanne Delr\u00e9e-de Harenne  &#8211;  5 ao\u00fbt 2024<\/h2>\n\n\n\n<figure class=\"wp-block-image size-large\"><img loading=\"lazy\" decoding=\"async\" width=\"1144\" height=\"1200\" src=\"https:\/\/haulet.be\/gen\/wp-content\/uploads\/2024\/08\/Delree-De-Harenne-Suzanne-Fire-part-naissance-1-1144x1200.jpg\" alt=\"\" class=\"wp-image-7916\" srcset=\"https:\/\/haulet.be\/gen\/wp-content\/uploads\/2024\/08\/Delree-De-Harenne-Suzanne-Fire-part-naissance-1-1144x1200.jpg 1144w, https:\/\/haulet.be\/gen\/wp-content\/uploads\/2024\/08\/Delree-De-Harenne-Suzanne-Fire-part-naissance-1-286x300.jpg 286w, https:\/\/haulet.be\/gen\/wp-content\/uploads\/2024\/08\/Delree-De-Harenne-Suzanne-Fire-part-naissance-1-768x805.jpg 768w, https:\/\/haulet.be\/gen\/wp-content\/uploads\/2024\/08\/Delree-De-Harenne-Suzanne-Fire-part-naissance-1-1465x1536.jpg 1465w, https:\/\/haulet.be\/gen\/wp-content\/uploads\/2024\/08\/Delree-De-Harenne-Suzanne-Fire-part-naissance-1.jpg 1500w\" sizes=\"auto, (max-width: 1144px) 100vw, 1144px\" \/><\/figure>\n\n\n\n<hr class=\"wp-block-separator has-alpha-channel-opacity is-style-wide\"\/>\n\n\n\n<h2 class=\"wp-block-heading\">Romy Haulet-Zyra &#8211; 3 f\u00e9vrier 2024<\/h2>\n\n\n<div class=\"wp-block-image\">\n<figure class=\"aligncenter size-full\"><img loading=\"lazy\" decoding=\"async\" width=\"502\" height=\"717\" src=\"https:\/\/haulet.be\/gen\/wp-content\/uploads\/2024\/03\/Haulet-Romy-Faire-part-naissance-2-1.jpg\" alt=\"\" class=\"wp-image-7890\" srcset=\"https:\/\/haulet.be\/gen\/wp-content\/uploads\/2024\/03\/Haulet-Romy-Faire-part-naissance-2-1.jpg 502w, https:\/\/haulet.be\/gen\/wp-content\/uploads\/2024\/03\/Haulet-Romy-Faire-part-naissance-2-1-210x300.jpg 210w\" sizes=\"auto, (max-width: 502px) 100vw, 502px\" \/><\/figure>\n<\/div>\n\n\n<hr class=\"wp-block-separator has-alpha-channel-opacity is-style-wide\"\/>\n\n\n\n<h2 class=\"wp-block-heading\">Nora Heguy-Gauthier &#8211; 6 d\u00e9cembre 2023<\/h2>\n\n\n\n<figure class=\"wp-block-image size-large\"><img loading=\"lazy\" decoding=\"async\" width=\"1699\" height=\"1200\" src=\"https:\/\/haulet.be\/gen\/wp-content\/uploads\/2024\/03\/Heguy-Gauthier-Nora-Faire-part-Naissance-06-12-2023-1699x1200.jpeg\" alt=\"\" class=\"wp-image-7893\" srcset=\"https:\/\/haulet.be\/gen\/wp-content\/uploads\/2024\/03\/Heguy-Gauthier-Nora-Faire-part-Naissance-06-12-2023-1699x1200.jpeg 1699w, https:\/\/haulet.be\/gen\/wp-content\/uploads\/2024\/03\/Heguy-Gauthier-Nora-Faire-part-Naissance-06-12-2023-300x212.jpeg 300w, https:\/\/haulet.be\/gen\/wp-content\/uploads\/2024\/03\/Heguy-Gauthier-Nora-Faire-part-Naissance-06-12-2023-768x542.jpeg 768w, https:\/\/haulet.be\/gen\/wp-content\/uploads\/2024\/03\/Heguy-Gauthier-Nora-Faire-part-Naissance-06-12-2023-1536x1085.jpeg 1536w, https:\/\/haulet.be\/gen\/wp-content\/uploads\/2024\/03\/Heguy-Gauthier-Nora-Faire-part-Naissance-06-12-2023.jpeg 1961w\" sizes=\"auto, (max-width: 1699px) 100vw, 1699px\" \/><\/figure>\n\n\n\n<hr class=\"wp-block-separator has-alpha-channel-opacity\"\/>\n\n\n\n<h2 class=\"wp-block-heading\">Albin Delr\u00e9e-Dacos &#8211; 10 octobre 2023<\/h2>\n\n\n<div class=\"wp-block-image\">\n<figure class=\"aligncenter size-large\"><img loading=\"lazy\" decoding=\"async\" width=\"473\" height=\"1200\" src=\"https:\/\/haulet.be\/gen\/wp-content\/uploads\/2023\/10\/Faire-Part-Naissance-Albin-Delree-473x1200.jpg\" alt=\"\" class=\"wp-image-7217\" srcset=\"https:\/\/haulet.be\/gen\/wp-content\/uploads\/2023\/10\/Faire-Part-Naissance-Albin-Delree-473x1200.jpg 473w, https:\/\/haulet.be\/gen\/wp-content\/uploads\/2023\/10\/Faire-Part-Naissance-Albin-Delree-118x300.jpg 118w, https:\/\/haulet.be\/gen\/wp-content\/uploads\/2023\/10\/Faire-Part-Naissance-Albin-Delree.jpg 591w\" sizes=\"auto, (max-width: 473px) 100vw, 473px\" \/><\/figure>\n<\/div>\n\n\n<hr class=\"wp-block-separator has-alpha-channel-opacity is-style-wide\"\/>\n\n\n\n<h2 class=\"wp-block-heading\">Alyssa Stas de Richelle-Haulet<\/h2>\n\n\n<div class=\"wp-block-image\">\n<figure class=\"aligncenter size-full\"><img loading=\"lazy\" decoding=\"async\" width=\"717\" height=\"1000\" src=\"https:\/\/haulet.be\/gen\/wp-content\/uploads\/2023\/05\/Faire-part-naissance-Alyssa-Stas-de-Richelle-2-1000.jpg\" alt=\"\" class=\"wp-image-6139\" srcset=\"https:\/\/haulet.be\/gen\/wp-content\/uploads\/2023\/05\/Faire-part-naissance-Alyssa-Stas-de-Richelle-2-1000.jpg 717w, https:\/\/haulet.be\/gen\/wp-content\/uploads\/2023\/05\/Faire-part-naissance-Alyssa-Stas-de-Richelle-2-1000-215x300.jpg 215w\" sizes=\"auto, (max-width: 717px) 100vw, 717px\" \/><\/figure>\n<\/div>\n\n\n<div style=\"height:21px\" aria-hidden=\"true\" class=\"wp-block-spacer\"><\/div>\n\n\n\n<hr class=\"wp-block-separator has-alpha-channel-opacity is-style-wide\"\/>\n\n\n\n<p><\/p>\n\n\n\n<h2 class=\"wp-block-heading\">Jade Dubois &#8211; 23 f\u00e9vrier 2023<\/h2>\n\n\n\n<figure class=\"wp-block-image size-large is-style-bottom-wave\"><img loading=\"lazy\" decoding=\"async\" width=\"1800\" height=\"1200\" src=\"https:\/\/haulet.be\/gen\/wp-content\/uploads\/2023\/03\/Jade-Dubois-1800x1200.jpg\" alt=\"\" class=\"wp-image-5910\" srcset=\"https:\/\/haulet.be\/gen\/wp-content\/uploads\/2023\/03\/Jade-Dubois-1800x1200.jpg 1800w, https:\/\/haulet.be\/gen\/wp-content\/uploads\/2023\/03\/Jade-Dubois-300x200.jpg 300w, https:\/\/haulet.be\/gen\/wp-content\/uploads\/2023\/03\/Jade-Dubois-768x512.jpg 768w, https:\/\/haulet.be\/gen\/wp-content\/uploads\/2023\/03\/Jade-Dubois-1536x1024.jpg 1536w, https:\/\/haulet.be\/gen\/wp-content\/uploads\/2023\/03\/Jade-Dubois-2048x1365.jpg 2048w\" sizes=\"auto, (max-width: 1800px) 100vw, 1800px\" \/><\/figure>\n\n\n\n<div style=\"height:21px\" aria-hidden=\"true\" class=\"wp-block-spacer\"><\/div>\n\n\n\n<hr class=\"wp-block-separator has-alpha-channel-opacity is-style-wide\"\/>\n\n\n\n<h2 class=\"wp-block-heading\">Mila Lebbink-Haulet &#8211; 24 d\u00e9cembre 2022<\/h2>\n\n\n<div class=\"wp-block-image is-style-default\">\n<figure class=\"aligncenter size-full\"><img loading=\"lazy\" decoding=\"async\" width=\"528\" height=\"800\" src=\"https:\/\/haulet.be\/gen\/wp-content\/uploads\/2023\/01\/Faire-part-Mila-Lebbink-24-12-2022.jpg\" alt=\"\" class=\"wp-image-5891\" srcset=\"https:\/\/haulet.be\/gen\/wp-content\/uploads\/2023\/01\/Faire-part-Mila-Lebbink-24-12-2022.jpg 528w, https:\/\/haulet.be\/gen\/wp-content\/uploads\/2023\/01\/Faire-part-Mila-Lebbink-24-12-2022-198x300.jpg 198w\" sizes=\"auto, (max-width: 528px) 100vw, 528px\" \/><\/figure>\n<\/div>\n\n\n<div style=\"height:21px\" aria-hidden=\"true\" class=\"wp-block-spacer\"><\/div>\n\n\n\n<hr class=\"wp-block-separator has-alpha-channel-opacity is-style-wide\"\/>\n\n\n\n<h2 class=\"wp-block-heading\">Romaric de Lamotte-Robinet &#8211; 3 novembre 2022<\/h2>\n\n\n\n<figure class=\"wp-block-image size-full\"><img loading=\"lazy\" decoding=\"async\" width=\"1500\" height=\"707\" src=\"https:\/\/haulet.be\/gen\/wp-content\/uploads\/2022\/12\/Faire-part-Romaric-de-Lamotte-naissance-03-11-2022-1500.jpg\" alt=\"\" class=\"wp-image-5605\" srcset=\"https:\/\/haulet.be\/gen\/wp-content\/uploads\/2022\/12\/Faire-part-Romaric-de-Lamotte-naissance-03-11-2022-1500.jpg 1500w, https:\/\/haulet.be\/gen\/wp-content\/uploads\/2022\/12\/Faire-part-Romaric-de-Lamotte-naissance-03-11-2022-1500-300x141.jpg 300w, https:\/\/haulet.be\/gen\/wp-content\/uploads\/2022\/12\/Faire-part-Romaric-de-Lamotte-naissance-03-11-2022-1500-768x362.jpg 768w\" sizes=\"auto, (max-width: 1500px) 100vw, 1500px\" \/><\/figure>\n\n\n\n<div style=\"height:21px\" aria-hidden=\"true\" class=\"wp-block-spacer\"><\/div>\n\n\n\n<hr class=\"wp-block-separator has-alpha-channel-opacity is-style-wide\"\/>\n\n\n\n<h2 class=\"wp-block-heading\">Ella Haulet-Zyra &#8211; 23 juillet 2022<\/h2>\n\n\n<div class=\"wp-block-image\">\n<figure class=\"aligncenter size-full is-resized\"><img loading=\"lazy\" decoding=\"async\" width=\"1000\" height=\"673\" src=\"https:\/\/haulet.be\/gen\/wp-content\/uploads\/2022\/09\/faire-part-de-naissance-Ella-Haulet-1.jpg\" alt=\"\" class=\"wp-image-5507\" style=\"width:840px;height:565px\" srcset=\"https:\/\/haulet.be\/gen\/wp-content\/uploads\/2022\/09\/faire-part-de-naissance-Ella-Haulet-1.jpg 1000w, https:\/\/haulet.be\/gen\/wp-content\/uploads\/2022\/09\/faire-part-de-naissance-Ella-Haulet-1-300x202.jpg 300w, https:\/\/haulet.be\/gen\/wp-content\/uploads\/2022\/09\/faire-part-de-naissance-Ella-Haulet-1-768x517.jpg 768w\" sizes=\"auto, (max-width: 1000px) 100vw, 1000px\" \/><\/figure>\n<\/div>\n\n\n<div style=\"height:22px\" aria-hidden=\"true\" class=\"wp-block-spacer\"><\/div>\n\n\n\n<hr class=\"wp-block-separator has-alpha-channel-opacity is-style-wide\"\/>\n\n\n\n<h2 class=\"wp-block-heading\">Juliette Haulet-Bondue &#8211; 23 mai 2022<\/h2>\n\n\n<div class=\"wp-block-image\">\n<figure class=\"aligncenter size-full\"><img loading=\"lazy\" decoding=\"async\" width=\"800\" height=\"872\" src=\"https:\/\/haulet.be\/gen\/wp-content\/uploads\/2022\/07\/faire-part-juliette-800.jpg\" alt=\"\" class=\"wp-image-5462\" srcset=\"https:\/\/haulet.be\/gen\/wp-content\/uploads\/2022\/07\/faire-part-juliette-800.jpg 800w, https:\/\/haulet.be\/gen\/wp-content\/uploads\/2022\/07\/faire-part-juliette-800-275x300.jpg 275w, https:\/\/haulet.be\/gen\/wp-content\/uploads\/2022\/07\/faire-part-juliette-800-768x837.jpg 768w\" sizes=\"auto, (max-width: 800px) 100vw, 800px\" \/><\/figure>\n<\/div>\n\n\n<div style=\"height:20px\" aria-hidden=\"true\" class=\"wp-block-spacer\"><\/div>\n\n\n\n<hr class=\"wp-block-separator has-alpha-channel-opacity\"\/>\n\n\n\n<h2 class=\"wp-block-heading\">Lison Delr\u00e9e-Dacos &#8211; 20 juillet 2021<\/h2>\n\n\n<div class=\"wp-block-image\">\n<figure class=\"aligncenter size-large\"><img loading=\"lazy\" decoding=\"async\" width=\"473\" height=\"1200\" src=\"https:\/\/haulet.be\/gen\/wp-content\/uploads\/2021\/08\/FairePart_Lison_Delre\u0301e-1200.jpg\" alt=\"\" class=\"wp-image-2909\" srcset=\"https:\/\/haulet.be\/gen\/wp-content\/uploads\/2021\/08\/FairePart_Lison_Delre\u0301e-1200.jpg 473w, https:\/\/haulet.be\/gen\/wp-content\/uploads\/2021\/08\/FairePart_Lison_Delre\u0301e-1200-118x300.jpg 118w\" sizes=\"auto, (max-width: 473px) 100vw, 473px\" \/><\/figure>\n<\/div>\n\n\n<div style=\"height:20px\" aria-hidden=\"true\" class=\"wp-block-spacer\"><\/div>\n\n\n\n<p><\/p>\n\n\n\n<hr class=\"wp-block-separator has-css-opacity is-style-wide\"\/>\n\n\n\n<h2 class=\"wp-block-heading\">Th\u00e9o Servais &#8211; 8 janvier 2021<\/h2>\n\n\n<div class=\"wp-block-image is-style-rounded\">\n<figure class=\"aligncenter size-large is-resized\"><a href=\"https:\/\/haulet.be\/gen\/bienvenue-dans-la-famille\/theo-servais-8-janvier-2021\/\" target=\"_blank\" rel=\"noopener\"><img loading=\"lazy\" decoding=\"async\" width=\"611\" height=\"800\" src=\"https:\/\/haulet.be\/gen\/wp-content\/uploads\/2021\/03\/The\u0301o-Servais-bebe-800.jpg\" alt=\"\" class=\"wp-image-1537\" style=\"width:306px;height:400px\" srcset=\"https:\/\/haulet.be\/gen\/wp-content\/uploads\/2021\/03\/The\u0301o-Servais-bebe-800.jpg 611w, https:\/\/haulet.be\/gen\/wp-content\/uploads\/2021\/03\/The\u0301o-Servais-bebe-800-229x300.jpg 229w\" sizes=\"auto, (max-width: 611px) 100vw, 611px\" \/><\/a><figcaption class=\"wp-element-caption\"><a href=\"https:\/\/haulet.be\/gen\/bienvenue-dans-la-famille\/theo-servais-8-janvier-2021\/\" data-type=\"URL\" data-id=\"https:\/\/haulet.be\/gen\/bienvenue-dans-la-famille\/theo-servais-8-janvier-2021\/\" target=\"_blank\" rel=\"noreferrer noopener\">Ciquez-moi !<\/a><\/figcaption><\/figure>\n<\/div>\n\n\n<div style=\"height:22px\" aria-hidden=\"true\" class=\"wp-block-spacer\"><\/div>\n\n\n\n<hr class=\"wp-block-separator has-css-opacity alignfull is-style-wide\"\/>\n\n\n\n<p><\/p>\n","protected":false},"excerpt":{"rendered":"<p>Maurice Lebbink-Haulet &#8211; 16 septembre 2025 Aurian Stas de Richelle-Haulet &#8211; 07 janvier 2025 Aurian Stas de Richelle-Haulet &#8211; 21 ao\u00fbt 2024 Suzanne Delr\u00e9e-de Harenne &#8211; 5 ao\u00fbt 2024 Romy Haulet-Zyra &#8211; 3 f\u00e9vrier 2024 Nora Heguy-Gauthier &#8211; 6 d\u00e9cembre 2023 Albin Delr\u00e9e-Dacos &#8211; 10 octobre 2023 Alyssa Stas de Richelle-Haulet Jade Dubois &#8211; 23 [&hellip;]<\/p>\n","protected":false},"author":1,"featured_media":1056,"parent":0,"menu_order":0,"comment_status":"open","ping_status":"closed","template":"template-full-width.php","meta":{"_coblocks_attr":"","_coblocks_dimensions":"","_coblocks_responsive_height":"","_coblocks_accordion_ie_support":"","footnotes":""},"class_list":["post-1064","page","type-page","status-publish","has-post-thumbnail","hentry"],"_links":{"self":[{"href":"https:\/\/haulet.be\/gen\/wp-json\/wp\/v2\/pages\/1064","targetHints":{"allow":["GET"]}}],"collection":[{"href":"https:\/\/haulet.be\/gen\/wp-json\/wp\/v2\/pages"}],"about":[{"href":"https:\/\/haulet.be\/gen\/wp-json\/wp\/v2\/types\/page"}],"author":[{"embeddable":true,"href":"https:\/\/haulet.be\/gen\/wp-json\/wp\/v2\/users\/1"}],"replies":[{"embeddable":true,"href":"https:\/\/haulet.be\/gen\/wp-json\/wp\/v2\/comments?post=1064"}],"version-history":[{"count":3,"href":"https:\/\/haulet.be\/gen\/wp-json\/wp\/v2\/pages\/1064\/revisions"}],"predecessor-version":[{"id":8271,"href":"https:\/\/haulet.be\/gen\/wp-json\/wp\/v2\/pages\/1064\/revisions\/8271"}],"wp:featuredmedia":[{"embeddable":true,"href":"https:\/\/haulet.be\/gen\/wp-json\/wp\/v2\/media\/1056"}],"wp:attachment":[{"href":"https:\/\/haulet.be\/gen\/wp-json\/wp\/v2\/media?parent=1064"}],"curies":[{"name":"wp","href":"https:\/\/api.w.org\/{rel}","templated":true}]}}