{"id":1632,"date":"2021-03-25T19:17:36","date_gmt":"2021-03-25T18:17:36","guid":{"rendered":"http:\/\/haulet.be\/gen\/?page_id=1632"},"modified":"2021-11-06T18:49:18","modified_gmt":"2021-11-06T17:49:18","slug":"sitemap","status":"publish","type":"page","link":"https:\/\/haulet.be\/gen\/sitemap\/","title":{"rendered":"Plan du Site"},"content":{"rendered":"<div class=\"wsp-container\"><h2 class=\"wsp-pages-title\">Pages<\/h2>\n<ul class=\"wsp-pages-list\">\n<li class=\"page_item page-item-28\"><a href=\"https:\/\/haulet.be\/gen\/\">Accueil<\/a><\/li>\n<li class=\"page_item page-item-1419\"><a href=\"https:\/\/haulet.be\/gen\/pre-arbre\/\">Arbre g\u00e9n\u00e9alogique<\/a><\/li>\n<li class=\"page_item page-item-1064 page_item_has_children\"><a href=\"https:\/\/haulet.be\/gen\/bienvenue-dans-la-famille\/\">Bienvenue dans la famille !<\/a>\n<ul class='children'>\n\t<li class=\"page_item page-item-1536\"><a href=\"https:\/\/haulet.be\/gen\/bienvenue-dans-la-famille\/theo-servais-8-janvier-2021\/\">Th\u00e9o Servais &#8211; 8 janvier 2021<\/a><\/li>\n<\/ul>\n<\/li>\n<li class=\"page_item page-item-6528\"><a href=\"https:\/\/haulet.be\/gen\/blegny-mine-20-mai-023-photos-dambiance\/\">Blegny-Mine &#8211; 20 mai 023 &#8211; Photos d&rsquo;ambiance<\/a><\/li>\n<li class=\"page_item page-item-6810\"><a href=\"https:\/\/haulet.be\/gen\/blegny-mine-20-mai-20123-photos-de-christine\/\">Blegny-Mine &#8211; 20 mai 20123 &#8211; Photos de Christine<\/a><\/li>\n<li class=\"page_item page-item-6446\"><a href=\"https:\/\/haulet.be\/gen\/blegny-mine-20-mai-2023-les-photos\/\">Blegny-Mine &#8211; 20 mai 2023 &#8211; Les photos<\/a><\/li>\n<li class=\"page_item page-item-6524\"><a href=\"https:\/\/haulet.be\/gen\/blegny-mine-20-mai-2023-photos-apero-et-repas\/\">Blegny-Mine &#8211; 20 mai 2023 &#8211; Photos ap\u00e9ro et repas<\/a><\/li>\n<li class=\"page_item page-item-6750\"><a href=\"https:\/\/haulet.be\/gen\/blegny-mine-20-mai-2023-photos-deric\/\">Blegny-Mine &#8211; 20 mai 2023 &#8211; Photos d&rsquo;Eric<\/a><\/li>\n<li class=\"page_item page-item-6711\"><a href=\"https:\/\/haulet.be\/gen\/blegny-mine-20-mai-2023-photos-de-albert\/\">Blegny-Mine &#8211; 20 mai 2023 &#8211; Photos de Albert<\/a><\/li>\n<li class=\"page_item page-item-6727\"><a href=\"https:\/\/haulet.be\/gen\/blegny-mine-20-mai-2023-photos-de-dominique\/\">Blegny-Mine &#8211; 20 mai 2023 &#8211; Photos de Dominique<\/a><\/li>\n<li class=\"page_item page-item-6604\"><a href=\"https:\/\/haulet.be\/gen\/blegny-mine-20-mai-2023-photos-de-groupes\/\">Blegny-Mine &#8211; 20 mai 2023 &#8211; Photos de groupes<\/a><\/li>\n<li class=\"page_item page-item-6438\"><a href=\"https:\/\/haulet.be\/gen\/blegny-mine-20-mai-2023-photos-de-la-mine\/\">Blegny-Mine &#8211; 20 mai 2023 &#8211; Photos de la mine<\/a><\/li>\n<li class=\"page_item page-item-6747\"><a href=\"https:\/\/haulet.be\/gen\/blegny-mine-20-mai-2023-photos-de-sophie\/\">Blegny-Mine &#8211; 20 mai 2023 &#8211; Photos de Sophie<\/a><\/li>\n<li class=\"page_item page-item-6473\"><a href=\"https:\/\/haulet.be\/gen\/blegny-mine-20-mai-2023-photos-du-train\/\">Blegny-Mine &#8211; 20 mai 2023 &#8211; Photos du train<\/a><\/li>\n<li class=\"page_item page-item-6450\"><a href=\"https:\/\/haulet.be\/gen\/blegny-mine-photos-de-philippe\/\">Blegny-Mine &#8211; Photos de Philippe<\/a><\/li>\n<li class=\"page_item page-item-23 current_page_parent\"><a href=\"https:\/\/haulet.be\/gen\/blog\/\">Blog<\/a><\/li>\n<li class=\"page_item page-item-228\"><a href=\"https:\/\/haulet.be\/gen\/anniversaires\/\">C&rsquo;est leur jour !<\/a><\/li>\n<li class=\"page_item page-item-1067\"><a href=\"https:\/\/haulet.be\/gen\/carnet-familial\/\">Carnet familial<\/a><\/li>\n<li class=\"page_item page-item-3156\"><a href=\"https:\/\/haulet.be\/gen\/cdv-barras\/\">CDV &#8211; Barras<\/a><\/li>\n<li class=\"page_item page-item-3179\"><a href=\"https:\/\/haulet.be\/gen\/cdv-berger\/\">CDV &#8211; Berger<\/a><\/li>\n<li class=\"page_item page-item-3193\"><a href=\"https:\/\/haulet.be\/gen\/cdv-crampon\/\">CDV &#8211; Crampon<\/a><\/li>\n<li class=\"page_item page-item-3191\"><a href=\"https:\/\/haulet.be\/gen\/cdv-damry\/\">CDV &#8211; Damry<\/a><\/li>\n<li class=\"page_item page-item-3199\"><a href=\"https:\/\/haulet.be\/gen\/cdv-delvaux\/\">CDV &#8211; Delvaux<\/a><\/li>\n<li class=\"page_item page-item-3197\"><a href=\"https:\/\/haulet.be\/gen\/cdv-depireux\/\">CDV &#8211; Depireux<\/a><\/li>\n<li class=\"page_item page-item-3202\"><a href=\"https:\/\/haulet.be\/gen\/cdv-dupont\/\">CDV &#8211; Dupont<\/a><\/li>\n<li class=\"page_item page-item-3206\"><a href=\"https:\/\/haulet.be\/gen\/cdv-erkelenz\/\">CDV &#8211; Erkelenz<\/a><\/li>\n<li class=\"page_item page-item-3210\"><a href=\"https:\/\/haulet.be\/gen\/cdv-gillard-delvaux\/\">CDV &#8211; Gillard &#038; Delvaux<\/a><\/li>\n<li class=\"page_item page-item-3214\"><a href=\"https:\/\/haulet.be\/gen\/cdv-gonthier-cornand\/\">CDV &#8211; Gonthier-Cornand<\/a><\/li>\n<li class=\"page_item page-item-3220\"><a href=\"https:\/\/haulet.be\/gen\/cdv-gonthier-van-broekhoven\/\">CDV &#8211; Gonthier-Van Broekhoven<\/a><\/li>\n<li class=\"page_item page-item-3224\"><a href=\"https:\/\/haulet.be\/gen\/cdv-huisman\/\">CDV &#8211; Huisman<\/a><\/li>\n<li class=\"page_item page-item-3231\"><a href=\"https:\/\/haulet.be\/gen\/cdv-janssens\/\">CDV &#8211; Janssens<\/a><\/li>\n<li class=\"page_item page-item-3235\"><a href=\"https:\/\/haulet.be\/gen\/cdv-kirsch\/\">CDV &#8211; Kirsch<\/a><\/li>\n<li class=\"page_item page-item-3313\"><a href=\"https:\/\/haulet.be\/gen\/cdv-les-photographies-carte-de-visite-liegeoises\/\">CDV &#8211; Les photographies \u00ab\u00a0Cartes De Visite\u00a0\u00bb li\u00e8geoises<\/a><\/li>\n<li class=\"page_item page-item-3239\"><a href=\"https:\/\/haulet.be\/gen\/cdv-maurice\/\">CDV &#8211; Maurice<\/a><\/li>\n<li class=\"page_item page-item-3242\"><a href=\"https:\/\/haulet.be\/gen\/cdv-plumier\/\">CDV &#8211; Plumier<\/a><\/li>\n<li class=\"page_item page-item-3246\"><a href=\"https:\/\/haulet.be\/gen\/cdv-roba\/\">CDV &#8211; Roba<\/a><\/li>\n<li class=\"page_item page-item-3250\"><a href=\"https:\/\/haulet.be\/gen\/cdv-samson\/\">CDV &#8211; Samson<\/a><\/li>\n<li class=\"page_item page-item-3265\"><a href=\"https:\/\/haulet.be\/gen\/cdv-schuttringer\/\">CDV &#8211; Sch\u00fcttringer<\/a><\/li>\n<li class=\"page_item page-item-3269\"><a href=\"https:\/\/haulet.be\/gen\/cdv-servais-freres\/\">CDV &#8211; Servais Fr\u00e8res<\/a><\/li>\n<li class=\"page_item page-item-3273\"><a href=\"https:\/\/haulet.be\/gen\/cdv-straus\/\">CDV &#8211; Straus<\/a><\/li>\n<li class=\"page_item page-item-3275\"><a href=\"https:\/\/haulet.be\/gen\/cdv-terhell\/\">CDV &#8211; Terhell<\/a><\/li>\n<li class=\"page_item page-item-3283\"><a href=\"https:\/\/haulet.be\/gen\/cdv-wurth\/\">CDV &#8211; Wurth<\/a><\/li>\n<li class=\"page_item page-item-3293\"><a href=\"https:\/\/haulet.be\/gen\/cdv-zeyen-st-jean\/\">CDV &#8211; Zeyen St Jean<\/a><\/li>\n<li class=\"page_item page-item-3255\"><a href=\"https:\/\/haulet.be\/gen\/cdv-servais\/\">CDV Joseph Servais<\/a><\/li>\n<li class=\"page_item page-item-3279\"><a href=\"https:\/\/haulet.be\/gen\/cdv-van-malderen\/\">CDV Van Malderen<\/a><\/li>\n<li class=\"page_item page-item-3287\"><a href=\"https:\/\/haulet.be\/gen\/cdv-zeyen-st-severin\/\">CDV Zeyen St Severin<\/a><\/li>\n<li class=\"page_item page-item-3297\"><a href=\"https:\/\/haulet.be\/gen\/cdv-zeyen-sauveniere\/\">CDV- ZEYEN Sauveni\u00e8re<\/a><\/li>\n<li class=\"page_item page-item-6385\"><a href=\"https:\/\/haulet.be\/gen\/cerexhe-heuseux-2007\/\">Cerexhe-Heuseux 2007<\/a><\/li>\n<li class=\"page_item page-item-4950\"><a href=\"https:\/\/haulet.be\/gen\/charles-haulet-carriere-militaire\/\">Charles Haulet &#8211; Carri\u00e8re militaire<\/a><\/li>\n<li class=\"page_item page-item-1804\"><a href=\"https:\/\/haulet.be\/gen\/charles-haulet-a-dachau\/\">Charles Haulet \u00e0 Dachau     1942-1945<\/a><\/li>\n<li class=\"page_item page-item-7127\"><a href=\"https:\/\/haulet.be\/gen\/charles-haulet-a-dachau-1942-1946\/\">Charles Haulet \u00e0 Dachau 1942-1945<\/a><\/li>\n<li class=\"page_item page-item-1012\"><a href=\"https:\/\/haulet.be\/gen\/contact-2\/\">Contact<\/a><\/li>\n<li class=\"page_item page-item-1737\"><a href=\"https:\/\/haulet.be\/gen\/desinscription\/\">D\u00e9sinscription<\/a><\/li>\n<li class=\"page_item page-item-7670\"><a href=\"https:\/\/haulet.be\/gen\/documents-haulet-magis\/\">Documents Haulet-Magis<\/a><\/li>\n<li class=\"page_item page-item-151\"><a href=\"https:\/\/haulet.be\/gen\/dossiers\/\">Dossiers<\/a><\/li>\n<li class=\"page_item page-item-2494\"><a href=\"https:\/\/haulet.be\/gen\/exil-en-angleterre\/\">Exil en Angleterre<\/a><\/li>\n<li class=\"page_item page-item-8165\"><a href=\"https:\/\/haulet.be\/gen\/films-de-maurice-haulet\/\">Films de Maurice Haulet<\/a><\/li>\n<li class=\"page_item page-item-317\"><a href=\"https:\/\/haulet.be\/gen\/galeries\/\">Galeries<\/a><\/li>\n<li class=\"page_item page-item-5685\"><a href=\"https:\/\/haulet.be\/gen\/haulet-be-2-ans\/\">HAULET.BE &#8211; 2 ANS !<\/a><\/li>\n<li class=\"page_item page-item-1061\"><a href=\"https:\/\/haulet.be\/gen\/ils-nous-ont-quittes\/\">Ils nous ont quitt\u00e9s<\/a><\/li>\n<li class=\"page_item page-item-1053\"><a href=\"https:\/\/haulet.be\/gen\/ils-se-sont-maries\/\">Ils se sont mari\u00e9s<\/a><\/li>\n<li class=\"page_item page-item-75\"><a href=\"https:\/\/haulet.be\/gen\/inscription\/\">Inscription<\/a><\/li>\n<li class=\"page_item page-item-5758\"><a href=\"https:\/\/haulet.be\/gen\/james-photographie-le-retour-du-roi-leopold-iii\/\">James Haulet a photographi\u00e9 le retour du Roi L\u00e9opold III !<\/a><\/li>\n<li class=\"page_item page-item-7808\"><a href=\"https:\/\/haulet.be\/gen\/jeu-des-7-erreurs-leon-felix-a-lancaster\/\">Jeu des 7 erreurs &#8211; L\u00e9on-F\u00e9lix \u00e0 Lancaster (1917)<\/a><\/li>\n<li class=\"page_item page-item-2296\"><a href=\"https:\/\/haulet.be\/gen\/laffaire-du-calice\/\">L&rsquo;affaire du calice<\/a><\/li>\n<li class=\"page_item page-item-313\"><a href=\"https:\/\/haulet.be\/gen\/arbre-genealogique\/\">L&rsquo;arbre g\u00e9n\u00e9alogique<\/a><\/li>\n<li class=\"page_item page-item-5084\"><a href=\"https:\/\/haulet.be\/gen\/la-villa-haulet-et-le-patrimoine-foncier-de-la-famille-haulet-a-vise-en-1914\/\">La villa Haulet et le patrimoine foncier de la famille Haulet \u00e0 Vis\u00e9 en 1914<\/a><\/li>\n<li class=\"page_item page-item-4096\"><a href=\"https:\/\/haulet.be\/gen\/le-blason-haulet\/\">Le blason Haulet<\/a><\/li>\n<li class=\"page_item page-item-6871\"><a href=\"https:\/\/haulet.be\/gen\/le-livret-genealogique-de-la-reunion-familiale-du-20-mai-2023\/\">Le livret g\u00e9n\u00e9alogique de la r\u00e9union familiale du 20 mai 2023<\/a><\/li>\n<li class=\"page_item page-item-162\"><a href=\"https:\/\/haulet.be\/gen\/leon-haulet-levacuation-de-vise-en-1914\/\">L\u00e9on Haulet &#8211; l&rsquo;\u00e9vacuation de Vis\u00e9 en 1914<\/a><\/li>\n<li class=\"page_item page-item-7285\"><a href=\"https:\/\/haulet.be\/gen\/les-haulet-de-limbourg-et-le-travail-de-la-laine\/\">Les Haulet de Limbourg et le travail de la laine<\/a><\/li>\n<li class=\"page_item page-item-1026\"><a href=\"https:\/\/haulet.be\/gen\/les-infolettres\/\">Les Infolettres<\/a><\/li>\n<li class=\"page_item page-item-6910\"><a href=\"https:\/\/haulet.be\/gen\/les-photos-anciennes-exposees-le-20-mai-2023\/\">Les photos anciennes expos\u00e9es le 20 mai 2023<\/a><\/li>\n<li class=\"page_item page-item-7449\"><a href=\"https:\/\/haulet.be\/gen\/livret-genealogique\/\">Livret g\u00e9n\u00e9alogique<\/a><\/li>\n<li class=\"page_item page-item-22\"><a href=\"https:\/\/haulet.be\/gen\/contact\/\">Nous contacter<\/a><\/li>\n<li class=\"page_item page-item-1645\"><a href=\"https:\/\/haulet.be\/gen\/nouveau-sur-le-site\/\">Nouveau sur le site<\/a><\/li>\n<li class=\"page_item page-item-1632\"><a href=\"https:\/\/haulet.be\/gen\/sitemap\/\">Plan du Site<\/a><\/li>\n<li class=\"page_item page-item-3\"><a href=\"https:\/\/haulet.be\/gen\/politique-de-confidentialite\/\">Politique de confidentialit\u00e9<\/a><\/li>\n<li class=\"page_item page-item-7515\"><a href=\"https:\/\/haulet.be\/gen\/publication-de-larbre-genealogique-de-la-famille-magis\/\">Publication de l&rsquo;arbre g\u00e9n\u00e9alogique de la famille MAGIS<\/a><\/li>\n<li class=\"page_item page-item-7439\"><a href=\"https:\/\/haulet.be\/gen\/rapports-de-descendance\/\">Rapports de descendance<\/a><\/li>\n<li class=\"page_item page-item-5473\"><a href=\"https:\/\/haulet.be\/gen\/reunion-de-la-famille-haulet-magis\/\">R\u00e9union de la famille Haulet-Magis<\/a><\/li>\n<li class=\"page_item page-item-6181\"><a href=\"https:\/\/haulet.be\/gen\/samedi-20-mai-on-vous-dit-tout\/\">Samedi 20 mai &#8211; On vous dit tout !<\/a><\/li>\n<li class=\"page_item page-item-8122\"><a href=\"https:\/\/haulet.be\/gen\/stop-ou-encore\/\">Stop ou encore ?<\/a><\/li>\n<li class=\"page_item page-item-3734\"><a href=\"https:\/\/haulet.be\/gen\/test-anniv\/\">test anniv<\/a><\/li>\n<li class=\"page_item page-item-7134\"><a href=\"https:\/\/haulet.be\/gen\/test-mots-croises\/\">test mots crois\u00e9s<\/a><\/li>\n<li class=\"page_item page-item-1784\"><a href=\"https:\/\/haulet.be\/gen\/test-quiz\/\">Test Quiz<\/a><\/li>\n<li class=\"page_item page-item-8031\"><a href=\"https:\/\/haulet.be\/gen\/testquiz\/\">testQuiz<\/a><\/li>\n<li class=\"page_item page-item-4407\"><a href=\"https:\/\/haulet.be\/gen\/villegiature-a-clervaux\/\">Vill\u00e9giature \u00e0 Clervaux<\/a><\/li>\n<\/ul>\n<h2 class=\"wsp-posts-title\">Articles par cat\u00e9gorie<\/h2>\n<ul class=\"wsp-posts-list\">\n\t<li><strong class=\"wsp-category-title\">Cat\u00e9gorie\u00a0: <a href=\"https:\/\/haulet.be\/gen\/category\/albert-haulet\/\">Albert Haulet<\/a><\/strong>\n<ul class=\"wsp-posts-list\">\t\t<li class=\"wsp-post\"><a href=\"https:\/\/haulet.be\/gen\/2021\/07\/07\/une-retraite-bien-meritee-merci-dr-haulet\/\">Une retraite bien m\u00e9rit\u00e9e&#8230; Merci Dr Haulet<\/a><\/li>\n\t\t<li class=\"wsp-post\"><a href=\"https:\/\/haulet.be\/gen\/2021\/03\/14\/philippe-haulet-la-ou-je-vis\/\">Philippe Haulet &#8211; L\u00e0 o\u00f9 je vis&#8230;<\/a><\/li>\n\t\t<li class=\"wsp-post\"><a href=\"https:\/\/haulet.be\/gen\/2021\/02\/19\/albert-haulet-la-ou-je-vis\/\">Albert Haulet &#8211; L\u00e0 o\u00f9 je vis&#8230;<\/a><\/li>\n<\/ul><\/li>\n\t<li><strong class=\"wsp-category-title\">Cat\u00e9gorie\u00a0: <a href=\"https:\/\/haulet.be\/gen\/category\/alice-haulet-laurenty\/\">Alice Haulet-Laurenty (Tensette)<\/a><\/strong>\n<ul class=\"wsp-posts-list\">\t\t<li class=\"wsp-post\"><a href=\"https:\/\/haulet.be\/gen\/2021\/05\/08\/fete-des-meres-chez-les-laurenty-que-le-pestacle-commence\/\">F\u00eate des m\u00e8res chez les Laurenty &#8211; Que le \u00ab\u00a0pestacle\u00a0\u00bb commence !<\/a><\/li>\n\t\t<li class=\"wsp-post\"><a href=\"https:\/\/haulet.be\/gen\/2021\/02\/13\/mariage-dalice-et-michel-29-juillet-1950\/\">Film du mariage d&rsquo;Alice et Michel &#8211; 29  juillet 1950<\/a><\/li>\n\t\t<li class=\"wsp-post\"><a href=\"https:\/\/haulet.be\/gen\/2021\/02\/02\/christine-laurenty-la-ou-je-vis\/\">Christine Laurenty &#8211; L\u00e0 o\u00f9 je vis&#8230;<\/a><\/li>\n\t\t<li class=\"wsp-post\"><a href=\"https:\/\/haulet.be\/gen\/2021\/01\/05\/deces-de-therese-laurenty-acezat\/\">D\u00e9c\u00e8s de Th\u00e9r\u00e8se Laurenty-Acezat<\/a><\/li>\n<\/ul><\/li>\n\t<li><strong class=\"wsp-category-title\">Cat\u00e9gorie\u00a0: <a href=\"https:\/\/haulet.be\/gen\/category\/arbre-genealogique\/\">Arbre g\u00e9n\u00e9alogique<\/a><\/strong>\n<ul class=\"wsp-posts-list\">\t\t<li class=\"wsp-post\"><a href=\"https:\/\/haulet.be\/gen\/2023\/12\/05\/publication-de-larbre-de-la-famille-magis\/\">Publication de l&rsquo;arbre de la famille MAGIS<\/a><\/li>\n\t\t<li class=\"wsp-post\"><a href=\"https:\/\/haulet.be\/gen\/2023\/12\/05\/jean-joseph-haulet-18-02-1808\/\">JEAN JOSEPH HAULET (18\/02\/1808)<\/a><\/li>\n\t\t<li class=\"wsp-post\"><a href=\"https:\/\/haulet.be\/gen\/2023\/10\/10\/afflux-de-nouvelles-entrees-dans-la-genealogie\/\">Afflux de nouvelles entr\u00e9es dans la g\u00e9n\u00e9alogie !<\/a><\/li>\n\t\t<li class=\"wsp-post\"><a href=\"https:\/\/haulet.be\/gen\/2021\/12\/23\/mise-a-jour-de-larbre-genealogique-21-12-2021\/\">Mise \u00e0 jour de l&rsquo;arbre g\u00e9n\u00e9alogique 21\/12\/2021<\/a><\/li>\n\t\t<li class=\"wsp-post\"><a href=\"https:\/\/haulet.be\/gen\/2021\/10\/23\/nouvelles-entrees-sur-larbre-genealogique-10-2021\/\">Nouvelles entr\u00e9es sur l&rsquo;arbre g\u00e9n\u00e9alogique &#8211; 10\/2021<\/a><\/li>\n\t\t<li class=\"wsp-post\"><a href=\"https:\/\/haulet.be\/gen\/2021\/03\/22\/genealogie-de-cyrille-magis\/\">G\u00e9n\u00e9alogie de Cyrille Magis<\/a><\/li>\n<\/ul><\/li>\n\t<li><strong class=\"wsp-category-title\">Cat\u00e9gorie\u00a0: <a href=\"https:\/\/haulet.be\/gen\/category\/cest-qui\/\">C&#039;est qui ?<\/a><\/strong>\n<ul class=\"wsp-posts-list\">\t\t<li class=\"wsp-post\"><a href=\"https:\/\/haulet.be\/gen\/2021\/03\/20\/photo-de-la-famille-de-lamotte\/\">Photo de la famille de Lamotte<\/a><\/li>\n\t\t<li class=\"wsp-post\"><a href=\"https:\/\/haulet.be\/gen\/2021\/01\/02\/bonjour-tout-le-monde\/\">Bonjour tout le monde\u00a0!<\/a><\/li>\n<\/ul><\/li>\n\t<li><strong class=\"wsp-category-title\">Cat\u00e9gorie\u00a0: <a href=\"https:\/\/haulet.be\/gen\/category\/charles-haulet\/\">Charles Haulet<\/a><\/strong>\n<ul class=\"wsp-posts-list\">\t\t<li class=\"wsp-post\"><a href=\"https:\/\/haulet.be\/gen\/2022\/05\/01\/visites-aux-archives-militaires\/\">Visites aux archives militaires<\/a><\/li>\n\t\t<li class=\"wsp-post\"><a href=\"https:\/\/haulet.be\/gen\/2021\/05\/03\/labbe-charles-haulet-a-dachau\/\">l&rsquo;abb\u00e9 Charles Haulet \u00e0 Dachau<\/a><\/li>\n<\/ul><\/li>\n\t<li><strong class=\"wsp-category-title\">Cat\u00e9gorie\u00a0: <a href=\"https:\/\/haulet.be\/gen\/category\/curiosites\/\">Curiosit\u00e9s<\/a><\/strong>\n<ul class=\"wsp-posts-list\">\t\t<li class=\"wsp-post\"><a href=\"https:\/\/haulet.be\/gen\/2021\/03\/09\/curiosites-hotel-de-la-crouzille\/\">Curiosit\u00e9s &#8211; H\u00f4tel de la Crouzille<\/a><\/li>\n<\/ul><\/li>\n\t<li><strong class=\"wsp-category-title\">Cat\u00e9gorie\u00a0: <a href=\"https:\/\/haulet.be\/gen\/category\/de-creeft\/\">de Creeft<\/a><\/strong>\n<ul class=\"wsp-posts-list\">\t\t<li class=\"wsp-post\"><a href=\"https:\/\/haulet.be\/gen\/2021\/05\/21\/laffaire-du-calice\/\">L&rsquo;affaire du Calice<\/a><\/li>\n<\/ul><\/li>\n\t<li><strong class=\"wsp-category-title\">Cat\u00e9gorie\u00a0: <a href=\"https:\/\/haulet.be\/gen\/category\/deces\/\">D\u00e9c\u00e8s<\/a><\/strong>\n<ul class=\"wsp-posts-list\">\t\t<li class=\"wsp-post\"><a href=\"https:\/\/haulet.be\/gen\/2022\/08\/02\/deces-de-dominique-pichault\/\">D\u00e9c\u00e8s de Dominique Pichault<\/a><\/li>\n\t\t<li class=\"wsp-post\"><a href=\"https:\/\/haulet.be\/gen\/2022\/01\/13\/deces-de-marie-claire-de-lamotte\/\">D\u00e9c\u00e8s de Marie-Claire de Lamotte<\/a><\/li>\n\t\t<li class=\"wsp-post\"><a href=\"https:\/\/haulet.be\/gen\/2021\/08\/14\/deces-de-michel-bruyere\/\">D\u00e9c\u00e8s de Michel Bruy\u00e8re<\/a><\/li>\n<\/ul><\/li>\n\t<li><strong class=\"wsp-category-title\">Cat\u00e9gorie\u00a0: <a href=\"https:\/\/haulet.be\/gen\/category\/haulet\/\">Haulet<\/a><\/strong>\n<ul class=\"wsp-posts-list\">\t\t<li class=\"wsp-post\"><a href=\"https:\/\/haulet.be\/gen\/2025\/06\/20\/rencontre-familiale-en-ardeche\/\">Rencontre familiale en Ard\u00e8che<\/a><\/li>\n\t\t<li class=\"wsp-post\"><a href=\"https:\/\/haulet.be\/gen\/2025\/03\/28\/stop-ou-encore-les-resultats\/\">Stop ou encore &#8211; Les r\u00e9sultats<\/a><\/li>\n\t\t<li class=\"wsp-post\"><a href=\"https:\/\/haulet.be\/gen\/2025\/03\/03\/stop-ou-encore\/\">Stop ou encore ?<\/a><\/li>\n\t\t<li class=\"wsp-post\"><a href=\"https:\/\/haulet.be\/gen\/2025\/01\/10\/naissance-de-alexandre-haulet\/\">Naissance de Alexandre Haulet<\/a><\/li>\n\t\t<li class=\"wsp-post\"><a href=\"https:\/\/haulet.be\/gen\/2024\/12\/20\/joyeuses-fetes-de-fin-dannee-et-meilleurs-voeux-pour-2025\/\">Joyeuses f\u00eates de fin d&rsquo;ann\u00e9e et meilleurs voeux pour 2025 !<\/a><\/li>\n\t\t<li class=\"wsp-post\"><a href=\"https:\/\/haulet.be\/gen\/2024\/01\/01\/2023-est-mort-vive-2024\/\">2023 est mort, vive 2024 !<\/a><\/li>\n\t\t<li class=\"wsp-post\"><a href=\"https:\/\/haulet.be\/gen\/2023\/09\/15\/puzzles-a-travers-les-ages\/\">Puzzles \u00e0 travers les \u00e2ges<\/a><\/li>\n\t\t<li class=\"wsp-post\"><a href=\"https:\/\/haulet.be\/gen\/2023\/05\/29\/reunion-de-la-famille-haulet-magis-le-20-mai-2023\/\">R\u00e9union de la famille Haulet-Magis le 20 mai 2023<\/a><\/li>\n\t\t<li class=\"wsp-post\"><a href=\"https:\/\/haulet.be\/gen\/2023\/05\/01\/naissance-de-alyssa\/\">Naissance de ALYSSA<\/a><\/li>\n\t\t<li class=\"wsp-post\"><a href=\"https:\/\/haulet.be\/gen\/2023\/03\/27\/invitation-a-la-reunion-haulet-magis-du-20-mai-2023\/\">Invitation \u00e0 la r\u00e9union Haulet-Magis du 20 mai 2023<\/a><\/li>\n\t\t<li class=\"wsp-post\"><a href=\"https:\/\/haulet.be\/gen\/2023\/01\/30\/preinscriptions-a-la-reunion-haulet-du-20-mai\/\">Pr\u00e9inscriptions \u00e0 la r\u00e9union Haulet du 20 mai<\/a><\/li>\n\t\t<li class=\"wsp-post\"><a href=\"https:\/\/haulet.be\/gen\/2023\/01\/26\/haulet-be-2-ans\/\">HAULET.BE &#8211; 2 ans !<\/a><\/li>\n\t\t<li class=\"wsp-post\"><a href=\"https:\/\/haulet.be\/gen\/2023\/01\/15\/preparation-de-la-reunion-du-20-mai\/\">Pr\u00e9paration de la r\u00e9union du 20 mai<\/a><\/li>\n\t\t<li class=\"wsp-post\"><a href=\"https:\/\/haulet.be\/gen\/2022\/12\/31\/voeux-2023\/\">Voeux 2023<\/a><\/li>\n\t\t<li class=\"wsp-post\"><a href=\"https:\/\/haulet.be\/gen\/2022\/12\/07\/leon-sexprime-dans-un-clip-video\/\">L\u00e9on s&rsquo;exprime dans un clip vid\u00e9o<\/a><\/li>\n\t\t<li class=\"wsp-post\"><a href=\"https:\/\/haulet.be\/gen\/2022\/09\/15\/naissance-de-ella-haulet-zyra\/\">Naissance de Ella Haulet-Zyra<\/a><\/li>\n\t\t<li class=\"wsp-post\"><a href=\"https:\/\/haulet.be\/gen\/2022\/05\/21\/annonce-de-la-reunion-familiale-2023\/\">Annonce de la r\u00e9union familiale 2023<\/a><\/li>\n\t\t<li class=\"wsp-post\"><a href=\"https:\/\/haulet.be\/gen\/2022\/01\/02\/voeux-2022\/\">Voeux 2022<\/a><\/li>\n\t\t<li class=\"wsp-post\"><a href=\"https:\/\/haulet.be\/gen\/2021\/12\/03\/villegiature-a-clervaux\/\">Vill\u00e9giature \u00e0 Clervaux<\/a><\/li>\n\t\t<li class=\"wsp-post\"><a href=\"https:\/\/haulet.be\/gen\/2021\/11\/10\/le-blason-de-la-famille-haulet\/\">Le blason de la famille Haulet<\/a><\/li>\n\t\t<li class=\"wsp-post\"><a href=\"https:\/\/haulet.be\/gen\/2021\/09\/06\/photos-cartes-de-visites\/\">Photos Cartes de Visites<\/a><\/li>\n\t\t<li class=\"wsp-post\"><a href=\"https:\/\/haulet.be\/gen\/2021\/04\/08\/spectaculaire-avancee\/\">Spectaculaire avanc\u00e9e !<\/a><\/li>\n<\/ul><\/li>\n\t<li><strong class=\"wsp-category-title\">Cat\u00e9gorie\u00a0: <a href=\"https:\/\/haulet.be\/gen\/category\/james-haulet\/\">James Haulet<\/a><\/strong>\n<ul class=\"wsp-posts-list\">\t\t<li class=\"wsp-post\"><a href=\"https:\/\/haulet.be\/gen\/2023\/01\/27\/james-haulet-a-photographie-le-retour-de-leopold-iii-le-22-juillet-1950\/\">James Haulet a photographi\u00e9 le retour de L\u00e9opold III le 22 juillet 1950<\/a><\/li>\n<\/ul><\/li>\n\t<li><strong class=\"wsp-category-title\">Cat\u00e9gorie\u00a0: <a href=\"https:\/\/haulet.be\/gen\/category\/la-ou-je-vis\/\">L\u00e0 o\u00f9 je vis !<\/a><\/strong>\n<ul class=\"wsp-posts-list\">\t\t<li class=\"wsp-post\"><a href=\"https:\/\/haulet.be\/gen\/2021\/04\/24\/charles-haulet-la-ou-je-vis\/\">Charles Haulet &#8211; L\u00e0 o\u00f9 je vis&#8230;<\/a><\/li>\n<\/ul><\/li>\n\t<li><strong class=\"wsp-category-title\">Cat\u00e9gorie\u00a0: <a href=\"https:\/\/haulet.be\/gen\/category\/leon-felix-haulet\/\">L\u00e9on F\u00e9lix Haulet<\/a><\/strong>\n<ul class=\"wsp-posts-list\">\t\t<li class=\"wsp-post\"><a href=\"https:\/\/haulet.be\/gen\/2021\/06\/03\/glasgow-lancaster-4-ans-chez-les-britons\/\">Glasgow &#8211; Lancaster, 4 ans chez les Britons<\/a><\/li>\n\t\t<li class=\"wsp-post\"><a href=\"https:\/\/haulet.be\/gen\/2021\/02\/22\/aout-1914-levacuation-de-vise\/\">Vis\u00e9 &#8211; Ao\u00fbt 1914 &#8211; L&rsquo;exode.<\/a><\/li>\n<\/ul><\/li>\n\t<li><strong class=\"wsp-category-title\">Cat\u00e9gorie\u00a0: <a href=\"https:\/\/haulet.be\/gen\/category\/magis\/\">Magis<\/a><\/strong>\n<ul class=\"wsp-posts-list\">\t\t<li class=\"wsp-post\"><a href=\"https:\/\/haulet.be\/gen\/2021\/03\/31\/revival-studio-irma-magis\/\">Revival Studio &#8211; Irma Magis<\/a><\/li>\n<\/ul><\/li>\n\t<li><strong class=\"wsp-category-title\">Cat\u00e9gorie\u00a0: <a href=\"https:\/\/haulet.be\/gen\/category\/marie-haulet-de-lamotte\/\">Marie Haulet - de Lamotte<\/a><\/strong>\n<ul class=\"wsp-posts-list\">\t\t<li class=\"wsp-post\"><a href=\"https:\/\/haulet.be\/gen\/2021\/03\/18\/naissance-de-theo\/\">Naissance de Th\u00e9o<\/a><\/li>\n<\/ul><\/li>\n\t<li><strong class=\"wsp-category-title\">Cat\u00e9gorie\u00a0: <a href=\"https:\/\/haulet.be\/gen\/category\/maurice-haulet\/\">Maurice Haulet<\/a><\/strong>\n<ul class=\"wsp-posts-list\">\t\t<li class=\"wsp-post\"><a href=\"https:\/\/haulet.be\/gen\/2023\/03\/02\/naissance-de-jade-dubois\/\">Naissance de Jade Dubois<\/a><\/li>\n\t\t<li class=\"wsp-post\"><a href=\"https:\/\/haulet.be\/gen\/2022\/07\/06\/naissance-de-juliette\/\">Naissance de Juliette<\/a><\/li>\n\t\t<li class=\"wsp-post\"><a href=\"https:\/\/haulet.be\/gen\/2021\/11\/18\/reunion-des-descendants-de-maurice-haulet-et-maria-lambert-le-17-octobre-2021\/\">R\u00e9union des descendants de Maurice Haulet et Maria Lambert, le 17 octobre 2021<\/a><\/li>\n<\/ul><\/li>\n\t<li><strong class=\"wsp-category-title\">Cat\u00e9gorie\u00a0: <a href=\"https:\/\/haulet.be\/gen\/category\/naissances\/\">Naissances<\/a><\/strong>\n<ul class=\"wsp-posts-list\">\t\t<li class=\"wsp-post\"><a href=\"https:\/\/haulet.be\/gen\/2021\/08\/01\/naissance-de-lison\/\">Naissance de Lison<\/a><\/li>\n<\/ul><\/li>\n\t<li><strong class=\"wsp-category-title\">Cat\u00e9gorie\u00a0: <a href=\"https:\/\/haulet.be\/gen\/category\/non-classe\/\">Non class\u00e9<\/a><\/strong>\n<ul class=\"wsp-posts-list\">\t\t<li class=\"wsp-post\"><a href=\"https:\/\/haulet.be\/gen\/2021\/07\/20\/deuil-national\/\">Deuil national<\/a><\/li>\n\t\t<li class=\"wsp-post\"><a href=\"https:\/\/haulet.be\/gen\/2021\/02\/23\/merci\/\">Merci !<\/a><\/li>\n<\/ul><\/li>\n\t<li><strong class=\"wsp-category-title\">Cat\u00e9gorie\u00a0: <a href=\"https:\/\/haulet.be\/gen\/category\/puzzle\/\">Puzzle<\/a><\/strong>\n<ul class=\"wsp-posts-list\">\t\t<li class=\"wsp-post\"><a href=\"https:\/\/haulet.be\/gen\/2021\/02\/27\/cest-la-recre\/\">C&rsquo;est la r\u00e9cr\u00e9 !&#8230;<\/a><\/li>\n<\/ul><\/li>\n\t<li><strong class=\"wsp-category-title\">Cat\u00e9gorie\u00a0: <a href=\"https:\/\/haulet.be\/gen\/category\/revival-studio\/\">Revival-Studio<\/a><\/strong>\n<\/li>\n\t<li><strong class=\"wsp-category-title\">Cat\u00e9gorie\u00a0: <a href=\"https:\/\/haulet.be\/gen\/category\/sur-le-pavois\/\">Sur le pavois<\/a><\/strong>\n<\/li>\n\t<li><strong class=\"wsp-category-title\">Cat\u00e9gorie\u00a0: <a href=\"https:\/\/haulet.be\/gen\/category\/suzanne-haulet-delree\/\">Suzanne Haulet - Delr\u00e9e<\/a><\/strong>\n<ul class=\"wsp-posts-list\">\t\t<li class=\"wsp-post\"><a href=\"https:\/\/haulet.be\/gen\/2026\/04\/04\/mariage-de-diane-delree-et-thibault-comhaire\/\">Mariage de Diane Delr\u00e9e et Thibault Comhaire<\/a><\/li>\n\t\t<li class=\"wsp-post\"><a href=\"https:\/\/haulet.be\/gen\/2023\/10\/12\/naissance-de-albin-delree\/\">Naissance de Albin Delr\u00e9e<\/a><\/li>\n\t\t<li class=\"wsp-post\"><a href=\"https:\/\/haulet.be\/gen\/2022\/10\/15\/noces-dor-de-jean-pierre-et-suzel\/\">Noces d&rsquo;or de Jean-Pierre et Suzel<\/a><\/li>\n<\/ul><\/li>\n\t<li><strong class=\"wsp-category-title\">Cat\u00e9gorie\u00a0: <a href=\"https:\/\/haulet.be\/gen\/category\/videos\/\">Vid\u00e9os<\/a><\/strong>\n<\/li>\n\t<li><strong class=\"wsp-category-title\">Cat\u00e9gorie\u00a0: <a href=\"https:\/\/haulet.be\/gen\/category\/vise\/\">Vis\u00e9<\/a><\/strong>\n<\/li>\n<\/ul>\n<h2 class=\"wsp-rl_gallerys-title\">Galeries<\/h2>\n<ul class=\"wsp-rl_gallerys-list\">\n<li><a href=\"https:\/\/haulet.be\/gen\/rl_gallery\/blegny-mine-20-mai-2023-photos-de-christine\/\">Blegny-Mine - 20 mai 2023 - Photos de Christine<\/a><\/li>\n<li><a href=\"https:\/\/haulet.be\/gen\/rl_gallery\/6752\/\"><\/a><\/li>\n<li><a href=\"https:\/\/haulet.be\/gen\/rl_gallery\/blegny-mine-20-mai-2023-photos-de-sophie\/\">Blegny-Mine - 20 mai 2023 - Photos de Sophie<\/a><\/li>\n<li><a href=\"https:\/\/haulet.be\/gen\/rl_gallery\/blegny-mine-20-mai-2023-photos-dominique\/\">Blegny-Mine - 20 mai 2023 - Photos Dominique<\/a><\/li>\n<li><a href=\"https:\/\/haulet.be\/gen\/rl_gallery\/blegny-mine-20-mai-2023-photos-de-albert\/\">Blegny-Mine - 20 mai 2023 - Photos de Albert<\/a><\/li>\n<li><a href=\"https:\/\/haulet.be\/gen\/rl_gallery\/blegny-mine-20-mai-2023-photos-de-groupes\/\">Blegny-Mine - 20 mai 2023 - Photos de groupes<\/a><\/li>\n<li><a href=\"https:\/\/haulet.be\/gen\/rl_gallery\/blegny-mine-20-mai-2023-photos-ambiance\/\">Blegny-Mine - 20 mai 2023 - Photos ambiance<\/a><\/li>\n<li><a href=\"https:\/\/haulet.be\/gen\/rl_gallery\/blegny-mine-20-mai-2023-photos-apero-et-repas\/\">Blegny-Mine - 20 mai 2023 - Photos ap\u00e9ro et repas<\/a><\/li>\n<li><a href=\"https:\/\/haulet.be\/gen\/rl_gallery\/galerie-train\/\">Galerie train<\/a><\/li>\n<li><a href=\"https:\/\/haulet.be\/gen\/rl_gallery\/blegny-photos-train\/\">Blegny - photos train<\/a><\/li>\n<li><a href=\"https:\/\/haulet.be\/gen\/rl_gallery\/noces-dor-jean-pierre-et-suzel\/\">Noces d'or Jean-Pierre et Suzel<\/a><\/li>\n<li><a href=\"https:\/\/haulet.be\/gen\/rl_gallery\/cerexhe-2007\/\">Cerexhe 2007<\/a><\/li>\n<li><a href=\"https:\/\/haulet.be\/gen\/rl_gallery\/cerexhe-2007-les-encadres\/\">Cerexhe 2007 - Les encadr\u00e9s<\/a><\/li>\n<li><a href=\"https:\/\/haulet.be\/gen\/rl_gallery\/groupes-2007\/\">Groupes 2007<\/a><\/li>\n<\/ul>\n<h2 class=\"wsp-conica-sliders-title\">Conica Sliders<\/h2>\n<ul class=\"wsp-conica-sliders-list\">\n<li><a href=\"https:\/\/haulet.be\/gen\/conica-slider\/actes-lainiers\/\">Actes lainiers<\/a><\/li>\n<\/ul>\n<h2 class=\"wsp-rl_categorys-title\">Cat\u00e9gories de galerie<\/h2>\n<ul class=\"wsp-rl_categorys-list\">\n<li><a href=\"https:\/\/haulet.be\/gen\/rl_category\/cerexhe-09-2007\/\">Cerexhe 09\/2007<\/a><\/li>\n<\/ul>\n<\/div>\n","protected":false},"excerpt":{"rendered":"","protected":false},"author":1,"featured_media":1684,"parent":0,"menu_order":0,"comment_status":"closed","ping_status":"closed","template":"template-full-width.php","meta":{"_coblocks_attr":"","_coblocks_dimensions":"","_coblocks_responsive_height":"","_coblocks_accordion_ie_support":"","footnotes":""},"class_list":["post-1632","page","type-page","status-publish","has-post-thumbnail","hentry"],"_links":{"self":[{"href":"https:\/\/haulet.be\/gen\/wp-json\/wp\/v2\/pages\/1632","targetHints":{"allow":["GET"]}}],"collection":[{"href":"https:\/\/haulet.be\/gen\/wp-json\/wp\/v2\/pages"}],"about":[{"href":"https:\/\/haulet.be\/gen\/wp-json\/wp\/v2\/types\/page"}],"author":[{"embeddable":true,"href":"https:\/\/haulet.be\/gen\/wp-json\/wp\/v2\/users\/1"}],"replies":[{"embeddable":true,"href":"https:\/\/haulet.be\/gen\/wp-json\/wp\/v2\/comments?post=1632"}],"version-history":[{"count":0,"href":"https:\/\/haulet.be\/gen\/wp-json\/wp\/v2\/pages\/1632\/revisions"}],"wp:featuredmedia":[{"embeddable":true,"href":"https:\/\/haulet.be\/gen\/wp-json\/wp\/v2\/media\/1684"}],"wp:attachment":[{"href":"https:\/\/haulet.be\/gen\/wp-json\/wp\/v2\/media?parent=1632"}],"curies":[{"name":"wp","href":"https:\/\/api.w.org\/{rel}","templated":true}]}}